{"id":1238,"date":"2018-02-27T11:09:39","date_gmt":"2018-02-27T09:09:39","guid":{"rendered":"https:\/\/www.jugendarbeit-kerzers.ch\/?page_id=1238"},"modified":"2023-07-04T15:05:37","modified_gmt":"2023-07-04T13:05:37","slug":"fritime-kerzers","status":"publish","type":"page","link":"https:\/\/www.jugendarbeit-kerzers.ch\/?page_id=1238","title":{"rendered":"FriTime Kerzers"},"content":{"rendered":"<h2><span style=\"color: #800080;\"><strong>FriTime Kerzers Programm 2023 (Jan. bis Dez.):<\/strong><\/span><\/h2>\n<p><a href=\"https:\/\/www.jugendarbeit-kerzers.ch\/wp-content\/uploads\/2023\/06\/poolparty-flyer-11-8-23.jpg\"><img loading=\"lazy\" decoding=\"async\" class=\"alignnone wp-image-3835 size-full\" src=\"https:\/\/www.jugendarbeit-kerzers.ch\/wp-content\/uploads\/2023\/06\/poolparty-flyer-11-8-23.jpg\" alt=\"\" width=\"707\" height=\"1000\" srcset=\"https:\/\/www.jugendarbeit-kerzers.ch\/wp-content\/uploads\/2023\/06\/poolparty-flyer-11-8-23.jpg 707w, https:\/\/www.jugendarbeit-kerzers.ch\/wp-content\/uploads\/2023\/06\/poolparty-flyer-11-8-23-212x300.jpg 212w\" sizes=\"auto, (max-width: 707px) 100vw, 707px\" \/><\/a><\/p>\n<p><a href=\"https:\/\/www.jugendarbeit-kerzers.ch\/wp-content\/uploads\/2023\/06\/flyer-2.flohmarkt-2023.jpg\"><img loading=\"lazy\" decoding=\"async\" class=\"alignnone wp-image-3849 size-full\" src=\"https:\/\/www.jugendarbeit-kerzers.ch\/wp-content\/uploads\/2023\/06\/flyer-2.flohmarkt-2023.jpg\" alt=\"\" width=\"707\" height=\"1000\" srcset=\"https:\/\/www.jugendarbeit-kerzers.ch\/wp-content\/uploads\/2023\/06\/flyer-2.flohmarkt-2023.jpg 707w, https:\/\/www.jugendarbeit-kerzers.ch\/wp-content\/uploads\/2023\/06\/flyer-2.flohmarkt-2023-212x300.jpg 212w\" sizes=\"auto, (max-width: 707px) 100vw, 707px\" \/><\/a><\/p>\n<p><a href=\"https:\/\/www.jugendarbeit-kerzers.ch\/?attachment_id=3769#main\" rel=\"attachment wp-att-3769\"><img loading=\"lazy\" decoding=\"async\" class=\"alignnone wp-image-3769 size-full\" src=\"https:\/\/www.jugendarbeit-kerzers.ch\/wp-content\/uploads\/2023\/04\/FriTime-Kalender-2023.jpg\" alt=\"\" width=\"1000\" height=\"1132\" srcset=\"https:\/\/www.jugendarbeit-kerzers.ch\/wp-content\/uploads\/2023\/04\/FriTime-Kalender-2023.jpg 1000w, https:\/\/www.jugendarbeit-kerzers.ch\/wp-content\/uploads\/2023\/04\/FriTime-Kalender-2023-265x300.jpg 265w, https:\/\/www.jugendarbeit-kerzers.ch\/wp-content\/uploads\/2023\/04\/FriTime-Kalender-2023-905x1024.jpg 905w, https:\/\/www.jugendarbeit-kerzers.ch\/wp-content\/uploads\/2023\/04\/FriTime-Kalender-2023-768x869.jpg 768w\" sizes=\"auto, (max-width: 1000px) 100vw, 1000px\" \/><\/a><\/p>\n<p class=\"p2\"><span class=\"s1\"><span class=\"Apple-converted-space\">\u00a0<\/span><\/span><span style=\"color: revert; font-size: revert; font-weight: revert; font-family: -apple-system, BlinkMacSystemFont, 'Segoe UI', Roboto, Oxygen-Sans, Ubuntu, Cantarell, 'Helvetica Neue', sans-serif;\">+<\/span><\/p>\n<div id=\"cc-m-10851136598\" class=\"j-module n j-text \">\n<h4><strong>Vergangene Veranstaltungen<\/strong><\/h4>\n<table class=\"t1\" cellspacing=\"0\" cellpadding=\"0\">\n<tbody>\n<tr>\n<td class=\"td1\" valign=\"top\">\u00a0<\/td>\n<\/tr>\n<tr>\n<td class=\"td2\" valign=\"top\">\u00a0<\/td>\n<td class=\"td2\" valign=\"top\">\u00a0<\/td>\n<\/tr>\n<tr>\n<td class=\"td3\" valign=\"top\">\n<p class=\"p3\"><b>Monat<\/b><\/p>\n<\/td>\n<td class=\"td2\" valign=\"top\">\n<p class=\"p3\"><b>Datum<\/b><\/p>\n<\/td>\n<td class=\"td2\" valign=\"top\">\n<p class=\"p3\"><b>Haupt-Organisation<\/b><\/p>\n<\/td>\n<td class=\"td2\" valign=\"top\">\n<p class=\"p3\"><b>Kooperation<\/b><\/p>\n<\/td>\n<td class=\"td2\" valign=\"top\">\n<p class=\"p3\"><b>Aktivit\u00e4t<\/b><\/p>\n<\/td>\n<\/tr>\n<tr>\n<td class=\"td3\" valign=\"top\">\n<p class=\"p3\">Januar<\/p>\n<\/td>\n<td class=\"td2\" valign=\"top\">\n<p class=\"p3\">15.1.<\/p>\n<\/td>\n<td class=\"td2\" valign=\"top\">\n<p class=\"p3\">Midnight Kerzers (finanziert durch die Gemeinde Kerzers)<\/p>\n<\/td>\n<td class=\"td2\" valign=\"top\">\n<p class=\"p3\">Jugendarbeit Regio Kerzers<\/p>\n<\/td>\n<td class=\"td2\" valign=\"top\">\n<p class=\"p3\"><i>Riesenfussballschuhe und Riesenfussball Spezial Event am Midnight Kerzers<\/i><\/p>\n<\/td>\n<\/tr>\n<tr>\n<td class=\"td3\" valign=\"top\">\n<p class=\"p3\">Januar<\/p>\n<\/td>\n<td class=\"td2\" valign=\"top\">\n<p class=\"p3\">21.1.<\/p>\n<\/td>\n<td class=\"td2\" valign=\"top\">\n<p class=\"p3\">Jugendarbeit Regio Kerzers<\/p>\n<\/td>\n<td class=\"td2\" valign=\"top\">\n<p class=\"p3\">Verein Eisbahn Kerzers<\/p>\n<\/td>\n<td class=\"td2\" valign=\"top\">\n<p class=\"p3\"><i>Disco on Ice &#8211; auf der Kunsteisbahn<\/i><\/p>\n<\/td>\n<\/tr>\n<tr>\n<td class=\"td3\" valign=\"top\">\n<p class=\"p3\">Februar<\/p>\n<\/td>\n<td class=\"td2\" valign=\"top\">\n<p class=\"p3\">14.2.<\/p>\n<\/td>\n<td class=\"td2\" valign=\"top\">\n<p class=\"p3\">Verein Junges Theater Kerzers<\/p>\n<\/td>\n<td class=\"td2\" valign=\"top\">\n<p class=\"p3\">Jugendarbeit Regio Kerzers<\/p>\n<\/td>\n<td class=\"td2\" valign=\"top\">\n<p class=\"p3\"><i>Mit FriTime Theaterluft schnuppern (Schnuppertraining)<\/i><\/p>\n<\/td>\n<\/tr>\n<tr>\n<td class=\"td3\" valign=\"top\">\n<p class=\"p3\">April<\/p>\n<\/td>\n<td class=\"td2\" valign=\"top\">\n<p class=\"p3\">11. &#8211; 14.4. und 19.-22.4.<\/p>\n<\/td>\n<td class=\"td2\" valign=\"top\">\n<p class=\"p3\">Verein Dorfleben Kerzers Mehr Infos unter: www.vereindorflebenkerzers.ch<\/p>\n<\/td>\n<td class=\"td2\" valign=\"top\">\n<p class=\"p3\">Sehr viele lokale und regionale Vereine!<\/p>\n<\/td>\n<td class=\"td2\" valign=\"top\">\n<p class=\"p3\"><i>Ferienpass Kerzers <\/i>(= NEUES ANGEBOT, 2022 erstmals durchgef\u00fchrt)<\/p>\n<\/td>\n<\/tr>\n<tr>\n<td class=\"td3\" valign=\"top\">\n<p class=\"p3\">Juli<\/p>\n<\/td>\n<td class=\"td2\" valign=\"top\">\n<p class=\"p3\"><i>26.7.- 29.7.<\/i><\/p>\n<\/td>\n<td class=\"td2\" valign=\"top\">\n<p class=\"p3\"><i>Jugendarbeit Regio Kerzers<\/i><\/p>\n<\/td>\n<td class=\"td2\" valign=\"top\">\n<p class=\"p3\"><i>Schwimmbad der Gemeinde Kerzers. Toile de Vie Aktivit\u00e4t <\/i><\/p>\n<\/td>\n<td class=\"td2\" valign=\"top\">\n<p class=\"p3\"><i>Spiel &amp; Spass im Schwimmbad <\/i><\/p>\n<\/td>\n<\/tr>\n<tr>\n<td class=\"td3\" valign=\"top\">\n<p class=\"p3\">August<\/p>\n<\/td>\n<td class=\"td2\" valign=\"top\">\n<p class=\"p3\"><i>2.8. &#8211; 5.8. und 8.-12.8.<\/i><\/p>\n<\/td>\n<td class=\"td2\" valign=\"top\">\n<p class=\"p3\"><i>Jugendarbeit Regio Kerzers<\/i><\/p>\n<\/td>\n<td class=\"td2\" valign=\"top\">\n<p class=\"p3\"><i>Schwimmbad der Gemeinde Kerzers. Badi Bistro. Toile de Vie Aktivit\u00e4t<\/i><\/p>\n<\/td>\n<td class=\"td2\" valign=\"top\">\n<p class=\"p3\"><i>Spiel &amp; Spass im Schwimmbad. Speziell dazu: Poi\/Diabolo\/Jonglage Workshop und Feuershow am 12.8.22<\/i><\/p>\n<\/td>\n<\/tr>\n<\/tbody>\n<\/table>\n<\/div>\n<table class=\"t1\" width=\"839\" cellspacing=\"0\" cellpadding=\"0\">\n<tbody>\n<tr>\n<td class=\"td1\" valign=\"top\">\n<p class=\"p1\">August<\/p>\n<\/td>\n<td class=\"td2\" valign=\"top\">\n<p class=\"p1\"><i>16. &#8211; 19.8.<\/i><\/p>\n<\/td>\n<td class=\"td2\" valign=\"top\">\n<p class=\"p1\"><i>Jugendarbeit Regio Kerzers<\/i><\/p>\n<\/td>\n<td class=\"td2\" valign=\"top\">\n<p class=\"p1\"><i>Spiel &amp; Spass im Skatepark Kerzers<\/i><\/p>\n<\/td>\n<\/tr>\n<tr>\n<td class=\"td3\" valign=\"top\">\u00a0<\/td>\n<td class=\"td3\" valign=\"top\">\u00a0<\/td>\n<td class=\"td3\" valign=\"top\">\u00a0<\/td>\n<td class=\"td3\" valign=\"top\">\u00a0<\/td>\n<\/tr>\n<tr>\n<td class=\"td3\" valign=\"top\">\u00a0<\/td>\n<td class=\"td3\" valign=\"top\">\u00a0<\/td>\n<td class=\"td3\" valign=\"top\">\u00a0<\/td>\n<td class=\"td3\" valign=\"top\">\u00a0<\/td>\n<\/tr>\n<tr>\n<td class=\"td3\" valign=\"top\">\u00a0<\/td>\n<td class=\"td3\" valign=\"top\">\u00a0<\/td>\n<td class=\"td3\" valign=\"top\">\u00a0<\/td>\n<td class=\"td3\" valign=\"top\">\u00a0<\/td>\n<\/tr>\n<tr>\n<td class=\"td3\" valign=\"top\">\u00a0<\/td>\n<td class=\"td3\" valign=\"top\">\u00a0<\/td>\n<td class=\"td3\" valign=\"top\">\u00a0<\/td>\n<\/tr>\n<tr>\n<td class=\"td3\" valign=\"top\">\u00a0<\/td>\n<td class=\"td3\" valign=\"top\">\u00a0<\/td>\n<td class=\"td3\" valign=\"top\">\u00a0<\/td>\n<td class=\"td3\" valign=\"top\">\u00a0<\/td>\n<\/tr>\n<tr>\n<td class=\"td3\" valign=\"top\">\u00a0<\/td>\n<td class=\"td3\" valign=\"top\">\u00a0<\/td>\n<td class=\"td3\" valign=\"top\">\u00a0<\/td>\n<\/tr>\n<tr>\n<td class=\"td3\" valign=\"top\">\u00a0<\/td>\n<td class=\"td3\" valign=\"top\">\u00a0<\/td>\n<td class=\"td3\" valign=\"top\">\u00a0<\/td>\n<td class=\"td3\" valign=\"top\">\u00a0<\/td>\n<\/tr>\n<\/tbody>\n<\/table>\n<h3><strong>Mit FriTime Theaterluft schnuppern?<\/strong><\/h3>\n<h3><strong>In der Gruppe f\u00fcr 8 bis 12 -j\u00e4hrige hat es noch freie Pl\u00e4tze!<\/strong><\/h3>\n<h3><strong>Schnupperproben: Am Montag 14. Feb. 2022 und Montag 21. Feb. von 16:05 bis 18.30 Uhr im Gerbestock in Kerzers .<\/strong><\/h3>\n<h3 class=\"p1\"><strong>Zeit: U12 (8-12-j\u00e4hrige) 16.00 &#8211; 18.30 Uhr <\/strong><\/h3>\n<h4 class=\"p1\"><strong>Seit M\u00e4rz 2020 gibt es in Kerzers NEU den Verein \u201cJunges Theater Kerzers\u201d! Im Rahmen des Vereins starten wir ab August 2021 zwei Kinder- und Jugendtheaterprojekte! Es gibt zwei Theatergruppen. <\/strong><\/h4>\n<h4><strong>In der Gruppe f\u00fcr 8-12-j\u00e4hrige hat es noch freie Pl\u00e4tzte. Wir improvisieren und erfinden unser Theaterst\u00fcck selbst. Wir spielen, singen, bewegen und tanzen und setzen uns so schlussendlich selbst unser Theaterst\u00fcck zusammen. Alles andere ist noch offen und deine Ideen sind gefragt!<\/strong><\/h4>\n<h4><strong>Anmeldung und Kontakt f\u00fcr Fragen: <\/strong><\/h4>\n<h4><strong>Andrea Umiker, 079 790 73 03 oder andrea.umiker(\u00e4t)hotmail.ch<\/strong><\/h4>\n<h4>+<\/h4>\n<div id=\"cc-m-10851136598\" class=\"j-module n j-text \">\n<h4><strong>Vergangene Veranstaltungen:<\/strong><\/h4>\n<\/div>\n<p><a href=\"https:\/\/www.jugendarbeit-kerzers.ch\/?attachment_id=3356\" rel=\"attachment wp-att-3356\"><img loading=\"lazy\" decoding=\"async\" class=\"alignnone wp-image-3356 size-medium\" src=\"https:\/\/www.jugendarbeit-kerzers.ch\/wp-content\/uploads\/2022\/01\/disco-on-ice-2022-web-300x300.jpg\" alt=\"\" width=\"300\" height=\"300\" srcset=\"https:\/\/www.jugendarbeit-kerzers.ch\/wp-content\/uploads\/2022\/01\/disco-on-ice-2022-web-300x300.jpg 300w, https:\/\/www.jugendarbeit-kerzers.ch\/wp-content\/uploads\/2022\/01\/disco-on-ice-2022-web-150x150.jpg 150w, https:\/\/www.jugendarbeit-kerzers.ch\/wp-content\/uploads\/2022\/01\/disco-on-ice-2022-web-768x768.jpg 768w, https:\/\/www.jugendarbeit-kerzers.ch\/wp-content\/uploads\/2022\/01\/disco-on-ice-2022-web-570x570.jpg 570w, https:\/\/www.jugendarbeit-kerzers.ch\/wp-content\/uploads\/2022\/01\/disco-on-ice-2022-web-380x380.jpg 380w, https:\/\/www.jugendarbeit-kerzers.ch\/wp-content\/uploads\/2022\/01\/disco-on-ice-2022-web-285x285.jpg 285w, https:\/\/www.jugendarbeit-kerzers.ch\/wp-content\/uploads\/2022\/01\/disco-on-ice-2022-web.jpg 1000w\" sizes=\"auto, (max-width: 300px) 100vw, 300px\" \/><\/a><\/p>\n<div id=\"cc-m-10851136598\" class=\"j-module n j-text \">\n<h4>+<\/h4>\n<p><a href=\"https:\/\/www.jugendarbeit-kerzers.ch\/?attachment_id=3338#main\" rel=\"attachment wp-att-3338\"><img loading=\"lazy\" decoding=\"async\" class=\"alignnone wp-image-3338 size-medium\" src=\"https:\/\/www.jugendarbeit-kerzers.ch\/wp-content\/uploads\/2021\/12\/Bildschirmfoto-2021-12-17-um-10.57.42-288x300.png\" alt=\"\" width=\"288\" height=\"300\" srcset=\"https:\/\/www.jugendarbeit-kerzers.ch\/wp-content\/uploads\/2021\/12\/Bildschirmfoto-2021-12-17-um-10.57.42-288x300.png 288w, https:\/\/www.jugendarbeit-kerzers.ch\/wp-content\/uploads\/2021\/12\/Bildschirmfoto-2021-12-17-um-10.57.42-768x799.png 768w, https:\/\/www.jugendarbeit-kerzers.ch\/wp-content\/uploads\/2021\/12\/Bildschirmfoto-2021-12-17-um-10.57.42-984x1024.png 984w, https:\/\/www.jugendarbeit-kerzers.ch\/wp-content\/uploads\/2021\/12\/Bildschirmfoto-2021-12-17-um-10.57.42.png 1178w\" sizes=\"auto, (max-width: 288px) 100vw, 288px\" \/><\/a><\/p>\n<h4 class=\"p1\"><strong><a href=\"https:\/\/www.ideesport.ch\/projekt\/midnight-kerzers\/\" target=\"_blank\" rel=\"noopener noreferrer\">https:\/\/www.ideesport.ch\/projekt\/midnight-kerzers\/<\/a><\/strong><\/h4>\n<h4><a href=\"https:\/\/www.instagram.com\/midnight_ker\/\" target=\"_blank\" rel=\"noopener noreferrer\"><strong>https:\/\/www.instagram.com\/midnight_ker\/<\/strong><\/a><\/h4>\n<p>+<\/p>\n<p><a href=\"https:\/\/www.jugendarbeit-kerzers.ch\/?attachment_id=3220#main\" rel=\"attachment wp-att-3220\"><img loading=\"lazy\" decoding=\"async\" class=\"alignnone wp-image-3220 size-medium\" src=\"https:\/\/www.jugendarbeit-kerzers.ch\/wp-content\/uploads\/2021\/10\/erzahlnacht-209x300.jpg\" alt=\"\" width=\"209\" height=\"300\" srcset=\"https:\/\/www.jugendarbeit-kerzers.ch\/wp-content\/uploads\/2021\/10\/erzahlnacht-209x300.jpg 209w, https:\/\/www.jugendarbeit-kerzers.ch\/wp-content\/uploads\/2021\/10\/erzahlnacht.jpg 697w\" sizes=\"auto, (max-width: 209px) 100vw, 209px\" \/><\/a><\/p>\n<h3><strong>Mit FriTime Theaterluft schnuppern?<\/strong><\/h3>\n<h4><strong>Am Montag 25. Okt. im Gerbestock in Kerzers.<\/strong><\/h4>\n<h4 class=\"p1\"><strong>Schnupperproben am Montag<span class=\"Apple-converted-space\">:<\/span><\/strong><\/h4>\n<h4 class=\"p1\"><strong>Zeit: U12 (8-12-j\u00e4hrige) 16.00 &#8211; 18.30 Uhr <\/strong><\/h4>\n<h4 class=\"p1\"><strong><span class=\"Apple-converted-space\">\u00a0 \u00a0 \u00a0 <\/span>+ \u00dc13 (13-25-j\u00e4hrige) 18.30 &#8211; 21.00 Uhr<\/strong><\/h4>\n<p class=\"p1\"><strong>Seit M\u00e4rz 2020 gibt es in Kerzers NEU den Verein \u201cJunges Theater Kerzers\u201d! Im Rahmen des Vereins starten wir ab August 2021 zwei Kinder- und Jugendtheaterprojekte! Es gibt zwei Theatergruppen. <\/strong><\/p>\n<p><strong>Eine Gruppe f\u00fcr 8-12-j\u00e4hrige und eine Gruppe f\u00fcr 13-25-j\u00e4hrige Kinder, Jugendliche und junge Erwachsene. Wir improvisieren und erfinden unser Theaterst\u00fcck selbst. Wir spielen, singen, bewegen und tanzen und setzen uns so schlussendlich selbst unser Theaterst\u00fcck zusammen. Alles andere ist noch offen und DEINE Ideen sind gefragt!<\/strong><\/p>\n<p><strong>Anmeldung und Kontakt f\u00fcr Fragen: <\/strong><\/p>\n<p><strong>Andrea Umiker, 079 790 73 03 oder andrea.umiker(\u00e4t)hotmail.ch<\/strong><\/p>\n<p>+<\/p>\n<h3><strong>WALDSTERBEN IM M\u00d6RDERWALD &#8211; DER ESCAPE ROOM ZUM ZWEITEN<\/strong><\/h3>\n<h4><strong>AM DONNERSTAG 7. UND FREITAG 8. OKT.\u00a0 IM MEET POINT.<\/strong><\/h4>\n<p>+<\/p>\n<h3><strong>Gratis Schnupper &#8211; Tanzkurs<\/strong><\/h3>\n<h4>Am Samstag 2. Oktober, ab 6 Jahren 14:00 bis 16:00 Uhr in der Seelandhalle UG, Kerzers. Info und Anmeldung: 079 422 73 29 Annerose Gander, dipl. Volkstanzleiterin.\u00a0<\/h4>\n<p>+<\/p>\n<h3><strong>WALDSTERBEN IM M\u00d6RDERWALD &#8211; DER ESCAPE ROOM<\/strong><\/h3>\n<h4><strong>AM FREITAG 20. AUG. IM MEET POINT<\/strong><br \/><strong>von 16:00 bis 22:30 UHR<\/strong><\/h4>\n<p>+<\/p>\n<h2><strong>Spiele ausprobieren in der Badi Kerzers<\/strong><\/h2>\n<h4><strong>Montag bis Freitag 19. bis 23. Juli 13:00 bis 18:00 Uhr<\/strong><\/h4>\n<p>+<\/p>\n<h2><strong>Maimarkt Kerzers<\/strong><\/h2>\n<h4>Dienstag 25. Mai &#8211; Spielen und FriTime Umfrage f\u00fcr Kinder und Jugendliche<\/h4>\n<p>+<\/p>\n<h2><strong>FriTime Kerzers<\/strong><\/h2>\n<h4>Das Projekt FriTime ist aus der Zusammenarbeit zwischen dem Jugendamt (JA), dem Amt f\u00fcr Gesundheit (GesA) und dem Amt f\u00fcr Sport (SpA) hervorgegangen. Mit diesem Projekt bietet der Kanton Freiburg allen Gemeinden die M\u00f6glichkeit, auf kosteng\u00fcnstige Weise den Kindern und Jugendlichen ausserschulische Aktivit\u00e4ten vorzuschlagen, indem sie das \u00f6rtliche Vereinsnetz eng einbeziehen und die Freiwilligenarbeit zugunsten der Jugend nutzen.<\/h4>\n<\/div>\n<h4><strong>F\u00fcr FriTime Kerzers ist die offene Kinder- und Jugendarbeit Regio Kerzers mit der Koordination der Aktivit\u00e4ten betraut. Sie hat mit dem Projekt folgende Ziele:<\/strong><\/h4>\n<ul>\n<li>\n<h4><strong>In Zusammenarbeit mit Vereinen, Institutionen und Privatpersonen: Anbieten von mindestens 12 Gratis-Freizeitaktivit\u00e4ten pro Jahr f\u00fcr Kinder und Jugendliche, im sportlichen, k\u00fcnstlerischen oder kulturellen Bereich<\/strong><\/h4>\n<\/li>\n<li>\n<h4><strong>F\u00f6rderung des Bekanntheitsgrads und der Sichtbarkeit von Vereinen und Institutionen, welche Freizeitangebote und Trainings f\u00fcr Kinder und Jugendliche anbieten<\/strong><\/h4>\n<\/li>\n<li>\n<h4><strong>Vernetzung unter den Akteuren aktiver Freizeitgestaltung, wie Jugendarbeit, Vereine, Kirchen usw.<\/strong><\/h4>\n<\/li>\n<li>\n<h4><strong>Organisation des FriTime Kerzers-Festivals, bei dem Anbieter von Freizeitaktivit\u00e4ten und Interessierte an einem Tag auf attraktive Weise vernetzt werden<\/strong><\/h4>\n<\/li>\n<\/ul>\n<h4>M\u00f6chten Sie als Privatperson oder als Verein eine der 12 j\u00e4hrlichen Aktivit\u00e4ten im Rahmen von FriTime Kerzers durchzuf\u00fchren? Wollen Sie sonst in irgendeiner Form aktiv an FriTime Kerzers mitwirken?<\/h4>\n<h4><strong>Dann melden Sie sich bitte unter jugendarbeit(\u00e4t)kerzers.ch oder bei<\/strong><\/h4>\n<h4>Cosima Oesch und Michel Meerstetter<\/h4>\n<h4>Jugendarbeit Regio Kerzers<\/h4>\n<h4>Vordere Gasse 5, 3210 Kerzers<\/h4>\n<h4>Tel. 031 544 20 08<\/h4>\n<h4>Kerzers hat ein reiches Vereinsleben und Freizeitangebot. Die Links dazu finden sich auf <a href=\"https:\/\/www.kerzers.ch\/leben-kerzers\/vereine\" target=\"_blank\" rel=\"noopener noreferrer\">www.kerzers.ch<\/a><\/h4>\n<p>\u00a0<\/p>\n<h3>Vergangene Anl\u00e4sse 2020:<\/h3>\n<h4>Schnuppertanzen der Kinder- und Jugendtanzgruppe Kerzers:<\/h4>\n<h4>24.09.2020 17.30-19.00 Seelandhalle Kerzers<\/h4>\n<p>+<\/p>\n<p><a href=\"https:\/\/www.jugendarbeit-kerzers.ch\/?attachment_id=2595#main\" rel=\"attachment wp-att-2595\"><img loading=\"lazy\" decoding=\"async\" class=\"alignnone size-medium wp-image-2595\" src=\"https:\/\/www.jugendarbeit-kerzers.ch\/wp-content\/uploads\/2020\/09\/fritimeflyer-2020-216x300.jpg\" alt=\"\" width=\"216\" height=\"300\" srcset=\"https:\/\/www.jugendarbeit-kerzers.ch\/wp-content\/uploads\/2020\/09\/fritimeflyer-2020-216x300.jpg 216w, https:\/\/www.jugendarbeit-kerzers.ch\/wp-content\/uploads\/2020\/09\/fritimeflyer-2020.jpg 721w\" sizes=\"auto, (max-width: 216px) 100vw, 216px\" \/><\/a><\/p>\n<h4>2. FriTime Festival 17. und 18. Sept. 2020<\/h4>\n<h4>Infost\u00e4nde und Unterhaltungsprogramm, z.B. Gumpimatte, Konzerteinlagen, etc. <br \/>Wo: Seelandhalle Kerzers <br \/>Wann: Do. 17.+ Fr. 18. Sept. von 18.00 Uhr bis 21.00 Uhr<\/h4>\n<h4>Programm Donnerstag 18:00 bis 21:00 Uhr:<\/h4>\n<h4>18:30 bis 19:00: Kinder-und Jugendtanzgruppe Kerzers<br \/>19:00 bis 19:30: Konzert Musikgesellschaft Kerzers<\/h4>\n<h4>Programm Freitag 18:00 bis 21:00 Uhr:<\/h4>\n<h4>18:30 bis 19:00: Kinder-und Jugendtanzgruppe Kerzers<br \/>19:30 bis 20:00: Studio Musicale Konzert mit: <br \/>Pianistin Elsa Krasniqi (14. Jahre)<br \/>+ Duo Anna Schelker (16. Jahre) und <br \/>Jonah Franz (17. Jahre) Pop\/Rock Covers<\/h4>\n<h4>Schnupperlektionen von Freizeitangeboten in und um Kerzers f\u00fcr Schulkinder und Jugendliche<\/h4>\n<h4>Austragungsort der Schnupperlektionen: Seelandhalle , Turnhallen Schmitteng\u00e4ssli und die Clublokale der Vereine<\/h4>\n<h4>Mit den Vereinen: <a href=\"https:\/\/www.bc-kerzers.ch\/\" target=\"_blank\" rel=\"noopener noreferrer\">Billardclub Kerzers<\/a>, Junges Theater Kerzers, <a href=\"https:\/\/www.tgkerzers.ch\/index.php\/kinder-und-jugendtanzgruppe\" target=\"_blank\" rel=\"noopener noreferrer\">Kinder- und Jugendtanzgruppe Kerzers<\/a>, <a href=\"https:\/\/www.instagram.com\/midnight_ker\/\" target=\"_blank\" rel=\"noopener noreferrer\">Midnight Sports Kerzers<\/a>, <a href=\"https:\/\/www.mgkerzers.ch\/junioren\/\" target=\"_blank\" rel=\"noopener noreferrer\">Musikgesellschaft Kerzers<\/a>, <a href=\"http:\/\/pfadimurten.ch\/\" target=\"_blank\" rel=\"noopener noreferrer\">Pfadi Andromeda Murten<\/a>, <a href=\"https:\/\/www.vbckerzers.ch\/\" target=\"_blank\" rel=\"noopener noreferrer\">Volleyballclub Kerzers<\/a>, <a href=\"https:\/\/www.bibliothek-kerzers.ch\/\" target=\"_blank\" rel=\"noopener noreferrer\">Bibliothek Kerzers<\/a>, <a href=\"http:\/\/www.ovkerzers.ch\/\" target=\"_blank\" rel=\"noopener noreferrer\">Ornithologischer Verein Kerzers<\/a>, <a href=\"https:\/\/www.ssc-kerzers.ch\/\" target=\"_blank\" rel=\"noopener noreferrer\">Schnee-Sport-Club Kerzers<\/a>, <a href=\"https:\/\/fckerzers.ch\/\" target=\"_blank\" rel=\"noopener noreferrer\">Fussballclub Kerzers<\/a>, <a href=\"https:\/\/www.studiomusicale.ch\/\" target=\"_blank\" rel=\"noopener noreferrer\">Studio Musicale Kerzers<\/a>, <a href=\"https:\/\/www.tckerzers.ch\/junioren.html\" target=\"_blank\" rel=\"noopener noreferrer\">Tennisclub Kerzers<\/a>, <a href=\"https:\/\/cevi-kerzers.ch\/\" target=\"_blank\" rel=\"noopener noreferrer\">Cevi Jungschar Kerzers<\/a>, <a href=\"https:\/\/www.kids-sport.ch\/kerzers\/\" target=\"_blank\" rel=\"noopener noreferrer\">Kids Sport Kerzers<\/a>, <a href=\"https:\/\/jc-kerzers.ch\/\" target=\"_blank\" rel=\"noopener noreferrer\">Judoclub Kerzers<\/a><\/h4>\n<h4>Ziel: Kinder, Jugendliche &amp; Familien lernen die Vielfalt des Angebots an Freizeitm\u00f6glichkeiten von Vereinen und weiteren Anbietern der Region Kerzers noch besser kennen. Es soll f\u00fcr Kinder und Jugendliche m\u00f6glich sein, niederschwellig Neues auszuprobieren und in direkten Kontakt mit den Verantwortlichen zu treten. F\u00fcr die Vereine und die weiteren Anbieter besteht die M\u00f6glichkeit, dank Mitmachen an dieser koordinierten Werbeaktion neuen Nachwuchs f\u00fcr ihr Angebot zu begeistern.<\/h4>\n<h3>DISCO ON ICE:<\/h3>\n<p>Am Freitag 24. Jan. 2020 19:15 &#8211; 21:30 Eisbahn in Kerzers.<\/p>\n<p><a href=\"https:\/\/www.jugendarbeit-kerzers.ch\/?attachment_id=2247#main\" rel=\"attachment wp-att-2247\"><img loading=\"lazy\" decoding=\"async\" class=\"alignnone wp-image-2247 size-full\" src=\"https:\/\/www.jugendarbeit-kerzers.ch\/wp-content\/uploads\/2020\/01\/discoonice2020.jpg\" alt=\"\" width=\"1000\" height=\"649\" srcset=\"https:\/\/www.jugendarbeit-kerzers.ch\/wp-content\/uploads\/2020\/01\/discoonice2020.jpg 1000w, https:\/\/www.jugendarbeit-kerzers.ch\/wp-content\/uploads\/2020\/01\/discoonice2020-300x195.jpg 300w, https:\/\/www.jugendarbeit-kerzers.ch\/wp-content\/uploads\/2020\/01\/discoonice2020-768x498.jpg 768w\" sizes=\"auto, (max-width: 1000px) 100vw, 1000px\" \/><\/a><\/p>\n<p><a href=\"https:\/\/www.jugendarbeit-kerzers.ch\/?attachment_id=1296#main\" rel=\"attachment wp-att-1296\"><img loading=\"lazy\" decoding=\"async\" class=\"alignnone wp-image-1296 size-full\" src=\"https:\/\/www.jugendarbeit-kerzers.ch\/wp-content\/uploads\/2018\/02\/Logo_fri.time_.jpg\" alt=\"\" width=\"1000\" height=\"149\" srcset=\"https:\/\/www.jugendarbeit-kerzers.ch\/wp-content\/uploads\/2018\/02\/Logo_fri.time_.jpg 1000w, https:\/\/www.jugendarbeit-kerzers.ch\/wp-content\/uploads\/2018\/02\/Logo_fri.time_-300x45.jpg 300w, https:\/\/www.jugendarbeit-kerzers.ch\/wp-content\/uploads\/2018\/02\/Logo_fri.time_-768x114.jpg 768w\" sizes=\"auto, (max-width: 1000px) 100vw, 1000px\" \/><\/a><\/p>\n<h2>\u00a0<\/h2>\n<h3>\u00a0<\/h3>\n<p>\u00a0<\/p>\n<h4>+<\/h4>\n<div id=\"cc-m-10851136598\" class=\"j-module n j-text \">\n<h4><strong><span style=\"color: #008000;\">Vergangene Veranstaltungen<\/span><\/strong><\/h4>\n<table class=\"t1\" cellspacing=\"0\" cellpadding=\"0\">\n<tbody>\n<tr>\n<td class=\"td1\" valign=\"top\">\u00a0<\/td>\n<\/tr>\n<tr>\n<td class=\"td2\" valign=\"top\">\u00a0<\/td>\n<td class=\"td2\" valign=\"top\">\u00a0<\/td>\n<\/tr>\n<tr>\n<td class=\"td3\" valign=\"top\">\n<p class=\"p3\"><b>Monat<\/b><\/p>\n<\/td>\n<td class=\"td2\" valign=\"top\">\n<p class=\"p3\"><b>Datum<\/b><\/p>\n<\/td>\n<td class=\"td2\" valign=\"top\">\n<p class=\"p3\"><b>Haupt-Organisation<\/b><\/p>\n<\/td>\n<td class=\"td2\" valign=\"top\">\n<p class=\"p3\"><b>Kooperation<\/b><\/p>\n<\/td>\n<td class=\"td2\" valign=\"top\">\n<p class=\"p3\"><b>Aktivit\u00e4t<\/b><\/p>\n<\/td>\n<\/tr>\n<tr>\n<td class=\"td3\" valign=\"top\">\n<p class=\"p3\">Januar<\/p>\n<\/td>\n<td class=\"td2\" valign=\"top\">\n<p class=\"p3\">15.1.<span class=\"Apple-converted-space\">\u00a0<\/span><\/p>\n<\/td>\n<td class=\"td2\" valign=\"top\">\n<p class=\"p3\">Midnight Kerzers (finanziert durch die Gemeinde Kerzers)<\/p>\n<\/td>\n<td class=\"td2\" valign=\"top\">\n<p class=\"p3\">Jugendarbeit Regio Kerzers<\/p>\n<\/td>\n<td class=\"td2\" valign=\"top\">\n<p class=\"p3\"><i>Riesenfussballschuhe und Riesenfussball Spezial Event am Midnight Kerzers<\/i><\/p>\n<\/td>\n<\/tr>\n<tr>\n<td class=\"td3\" valign=\"top\">\n<p class=\"p3\">Januar<\/p>\n<\/td>\n<td class=\"td2\" valign=\"top\">\n<p class=\"p3\">21.1.<\/p>\n<\/td>\n<td class=\"td2\" valign=\"top\">\n<p class=\"p3\">Jugendarbeit Regio Kerzers<\/p>\n<\/td>\n<td class=\"td2\" valign=\"top\">\n<p class=\"p3\">Verein Eisbahn Kerzers<\/p>\n<\/td>\n<td class=\"td2\" valign=\"top\">\n<p class=\"p3\"><i>Disco on Ice &#8211; auf der Kunsteisbahn<\/i><\/p>\n<\/td>\n<\/tr>\n<tr>\n<td class=\"td3\" valign=\"top\">\n<p class=\"p3\">Februar<\/p>\n<\/td>\n<td class=\"td2\" valign=\"top\">\n<p class=\"p3\">14.2.<\/p>\n<\/td>\n<td class=\"td2\" valign=\"top\">\n<p class=\"p3\">Verein Junges Theater Kerzers<\/p>\n<\/td>\n<td class=\"td2\" valign=\"top\">\n<p class=\"p3\">Jugendarbeit Regio Kerzers<\/p>\n<\/td>\n<td class=\"td2\" valign=\"top\">\n<p class=\"p3\"><i>Mit FriTime Theaterluft schnuppern (Schnuppertraining)<\/i><\/p>\n<\/td>\n<\/tr>\n<tr>\n<td class=\"td3\" valign=\"top\">\n<p class=\"p3\">April<\/p>\n<\/td>\n<td class=\"td2\" valign=\"top\">\n<p class=\"p3\">11. &#8211; 14.4. und 19.-22.4.<\/p>\n<\/td>\n<td class=\"td2\" valign=\"top\">\n<p class=\"p3\">Verein Dorfleben Kerzers Mehr Infos unter: www.vereindorflebenkerzers.ch<span class=\"Apple-converted-space\">\u00a0<\/span><\/p>\n<\/td>\n<td class=\"td2\" valign=\"top\">\n<p class=\"p3\">Sehr viele lokale und regionale Vereine!<span class=\"Apple-converted-space\">\u00a0<\/span><\/p>\n<\/td>\n<td class=\"td2\" valign=\"top\">\n<p class=\"p3\"><i>Ferienpass Kerzers <\/i>(= NEUES ANGEBOT, 2022 erstmals durchgef\u00fchrt)<\/p>\n<\/td>\n<\/tr>\n<tr>\n<td class=\"td3\" valign=\"top\">\n<p class=\"p3\">Juli<span class=\"Apple-converted-space\">\u00a0<\/span><\/p>\n<\/td>\n<td class=\"td2\" valign=\"top\">\n<p class=\"p3\"><i>26.7.- 29.7.<\/i><\/p>\n<\/td>\n<td class=\"td2\" valign=\"top\">\n<p class=\"p3\"><i>Jugendarbeit Regio Kerzers<\/i><\/p>\n<\/td>\n<td class=\"td2\" valign=\"top\">\n<p class=\"p3\"><i>Schwimmbad der Gemeinde Kerzers. Toile de Vie Aktivit\u00e4t<span class=\"Apple-converted-space\">\u00a0<\/span><\/i><\/p>\n<\/td>\n<td class=\"td2\" valign=\"top\">\n<p class=\"p3\"><i>Spiel &amp; Spass im Schwimmbad<span class=\"Apple-converted-space\">\u00a0<\/span><\/i><\/p>\n<\/td>\n<\/tr>\n<tr>\n<td class=\"td3\" valign=\"top\">\n<p class=\"p3\">August<\/p>\n<\/td>\n<td class=\"td2\" valign=\"top\">\n<p class=\"p3\"><i>2.8. &#8211; 5.8. und 8.-12.8.<\/i><\/p>\n<\/td>\n<td class=\"td2\" valign=\"top\">\n<p class=\"p3\"><i>Jugendarbeit Regio Kerzers<\/i><\/p>\n<\/td>\n<td class=\"td2\" valign=\"top\">\n<p class=\"p3\"><i>Schwimmbad der Gemeinde Kerzers. Badi Bistro. Toile de Vie Aktivit\u00e4t<\/i><\/p>\n<\/td>\n<td class=\"td2\" valign=\"top\">\n<p class=\"p3\"><i>Spiel &amp; Spass im Schwimmbad. Speziell dazu: Poi\/Diabolo\/Jonglage Workshop und Feuershow am 12.8.22<\/i><\/p>\n<\/td>\n<\/tr>\n<\/tbody>\n<\/table>\n<\/div>\n<table class=\"t1\" style=\"height: 253px;\" width=\"839\" cellspacing=\"0\" cellpadding=\"0\">\n<tbody>\n<tr>\n<td class=\"td1\" valign=\"top\">\n<p class=\"p1\">August<\/p>\n<\/td>\n<td class=\"td2\" valign=\"top\">\n<p class=\"p1\"><i>16. &#8211; 19.8.<\/i><\/p>\n<\/td>\n<td class=\"td2\" valign=\"top\">\n<p class=\"p1\"><i>Jugendarbeit Regio Kerzers<\/i><\/p>\n<\/td>\n<td class=\"td2\" valign=\"top\">\n<p class=\"p1\"><i>Spiel &amp; Spass im Skatepark Kerzers<\/i><\/p>\n<\/td>\n<\/tr>\n<tr>\n<td class=\"td3\" valign=\"top\">\u00a0<\/td>\n<td class=\"td3\" valign=\"top\">\u00a0<\/td>\n<td class=\"td3\" valign=\"top\">\u00a0<\/td>\n<td class=\"td3\" valign=\"top\">\u00a0<\/td>\n<\/tr>\n<tr>\n<td class=\"td3\" valign=\"top\">\u00a0<\/td>\n<td class=\"td3\" valign=\"top\">\u00a0<\/td>\n<td class=\"td3\" valign=\"top\">\u00a0<\/td>\n<td class=\"td3\" valign=\"top\">\u00a0<\/td>\n<\/tr>\n<tr>\n<td class=\"td3\" valign=\"top\">\u00a0<\/td>\n<td class=\"td3\" valign=\"top\">\u00a0<\/td>\n<td class=\"td3\" valign=\"top\">\u00a0<\/td>\n<td class=\"td3\" valign=\"top\">\u00a0<\/td>\n<\/tr>\n<tr>\n<td class=\"td3\" valign=\"top\">\u00a0<\/td>\n<td class=\"td3\" valign=\"top\">\u00a0<\/td>\n<td class=\"td3\" valign=\"top\">\u00a0<\/td>\n<\/tr>\n<tr>\n<td class=\"td3\" valign=\"top\">\u00a0<\/td>\n<td class=\"td3\" valign=\"top\">\u00a0<\/td>\n<td class=\"td3\" valign=\"top\">\u00a0<\/td>\n<td class=\"td3\" valign=\"top\">\u00a0<\/td>\n<\/tr>\n<tr>\n<td class=\"td3\" valign=\"top\">\u00a0<\/td>\n<td class=\"td3\" valign=\"top\">\u00a0<\/td>\n<td class=\"td3\" valign=\"top\">\u00a0<\/td>\n<\/tr>\n<tr>\n<td class=\"td3\" valign=\"top\">\u00a0<\/td>\n<td class=\"td3\" valign=\"top\">\u00a0<\/td>\n<td class=\"td3\" valign=\"top\">\u00a0<\/td>\n<td class=\"td3\" valign=\"top\">\u00a0<\/td>\n<\/tr>\n<\/tbody>\n<\/table>\n<h3><strong><span style=\"color: #800080;\">Mit FriTime Theaterluft schnuppern?<\/span><\/strong><\/h3>\n<h3><strong><span style=\"color: #800080;\">In der Gruppe f\u00fcr 8 bis 12 -j\u00e4hrige hat es noch freie Pl\u00e4tze!<\/span><\/strong><\/h3>\n<h3><strong><span style=\"color: #800080;\">Schnupperproben: Am Montag 14. Feb. 2022 und Montag 21. Feb. <\/span><span style=\"color: #800080;\">von <\/span><span style=\"color: #800080;\">16:05 bis 18.30 Uhr <\/span><span style=\"color: #800080;\">im Gerbestock in Kerzers .<\/span><\/strong><\/h3>\n<h3 class=\"p1\"><strong><span style=\"color: #800080;\">Zeit: U12 (8-12-j\u00e4hrige) 16.00 &#8211; 18.30 Uhr <\/span><\/strong><\/h3>\n<h4 class=\"p1\"><span style=\"color: #800080;\"><strong>Seit M\u00e4rz 2020 gibt es in Kerzers NEU den Verein \u201cJunges Theater Kerzers\u201d! Im Rahmen des Vereins starten wir ab August 2021 zwei Kinder- und Jugendtheaterprojekte! Es gibt zwei Theatergruppen. <\/strong><\/span><\/h4>\n<h4><span style=\"color: #800080;\"><strong>In der Gruppe f\u00fcr 8-12-j\u00e4hrige hat es noch freie Pl\u00e4tzte. Wir improvisieren und erfinden unser Theaterst\u00fcck selbst. Wir spielen, singen, bewegen und tanzen und setzen uns so schlussendlich selbst unser Theaterst\u00fcck zusammen. Alles andere ist noch offen und deine Ideen sind gefragt!<\/strong><\/span><\/h4>\n<h4><span style=\"color: #800080;\"><strong>Anmeldung und Kontakt f\u00fcr Fragen: <\/strong><\/span><\/h4>\n<h4><span style=\"color: #800080;\"><strong>Andrea Umiker, 079 790 73 03 oder andrea.umiker(\u00e4t)hotmail.ch<\/strong><\/span><\/h4>\n<h4>+<\/h4>\n<div id=\"cc-m-10851136598\" class=\"j-module n j-text \">\n<h4><strong><span style=\"color: #008000;\">Vergangene Veranstaltungen:<\/span><\/strong><\/h4>\n<\/div>\n<p><a href=\"https:\/\/www.jugendarbeit-kerzers.ch\/?attachment_id=3356\" rel=\"attachment wp-att-3356\"><img loading=\"lazy\" decoding=\"async\" class=\"alignnone wp-image-3356 size-medium\" src=\"https:\/\/www.jugendarbeit-kerzers.ch\/wp-content\/uploads\/2022\/01\/disco-on-ice-2022-web-300x300.jpg\" alt=\"\" width=\"300\" height=\"300\" srcset=\"https:\/\/www.jugendarbeit-kerzers.ch\/wp-content\/uploads\/2022\/01\/disco-on-ice-2022-web-300x300.jpg 300w, https:\/\/www.jugendarbeit-kerzers.ch\/wp-content\/uploads\/2022\/01\/disco-on-ice-2022-web-150x150.jpg 150w, https:\/\/www.jugendarbeit-kerzers.ch\/wp-content\/uploads\/2022\/01\/disco-on-ice-2022-web-768x768.jpg 768w, https:\/\/www.jugendarbeit-kerzers.ch\/wp-content\/uploads\/2022\/01\/disco-on-ice-2022-web-570x570.jpg 570w, https:\/\/www.jugendarbeit-kerzers.ch\/wp-content\/uploads\/2022\/01\/disco-on-ice-2022-web-380x380.jpg 380w, https:\/\/www.jugendarbeit-kerzers.ch\/wp-content\/uploads\/2022\/01\/disco-on-ice-2022-web-285x285.jpg 285w, https:\/\/www.jugendarbeit-kerzers.ch\/wp-content\/uploads\/2022\/01\/disco-on-ice-2022-web.jpg 1000w\" sizes=\"auto, (max-width: 300px) 100vw, 300px\" \/><\/a><\/p>\n<div id=\"cc-m-10851136598\" class=\"j-module n j-text \">\n<h4>+<\/h4>\n<p><a href=\"https:\/\/www.jugendarbeit-kerzers.ch\/?attachment_id=3338#main\" rel=\"attachment wp-att-3338\"><img loading=\"lazy\" decoding=\"async\" class=\"alignnone wp-image-3338 size-medium\" src=\"https:\/\/www.jugendarbeit-kerzers.ch\/wp-content\/uploads\/2021\/12\/Bildschirmfoto-2021-12-17-um-10.57.42-288x300.png\" alt=\"\" width=\"288\" height=\"300\" srcset=\"https:\/\/www.jugendarbeit-kerzers.ch\/wp-content\/uploads\/2021\/12\/Bildschirmfoto-2021-12-17-um-10.57.42-288x300.png 288w, https:\/\/www.jugendarbeit-kerzers.ch\/wp-content\/uploads\/2021\/12\/Bildschirmfoto-2021-12-17-um-10.57.42-768x799.png 768w, https:\/\/www.jugendarbeit-kerzers.ch\/wp-content\/uploads\/2021\/12\/Bildschirmfoto-2021-12-17-um-10.57.42-984x1024.png 984w, https:\/\/www.jugendarbeit-kerzers.ch\/wp-content\/uploads\/2021\/12\/Bildschirmfoto-2021-12-17-um-10.57.42.png 1178w\" sizes=\"auto, (max-width: 288px) 100vw, 288px\" \/><\/a><\/p>\n<h4 class=\"p1\"><strong><a href=\"https:\/\/www.ideesport.ch\/projekt\/midnight-kerzers\/\" target=\"_blank\" rel=\"noopener noreferrer\">https:\/\/www.ideesport.ch\/projekt\/midnight-kerzers\/<\/a><\/strong><\/h4>\n<h4><a href=\"https:\/\/www.instagram.com\/midnight_ker\/\" target=\"_blank\" rel=\"noopener noreferrer\"><strong>https:\/\/www.instagram.com\/midnight_ker\/<\/strong><\/a><\/h4>\n<p>+<\/p>\n<p><a href=\"https:\/\/www.jugendarbeit-kerzers.ch\/?attachment_id=3220#main\" rel=\"attachment wp-att-3220\"><img loading=\"lazy\" decoding=\"async\" class=\"alignnone wp-image-3220 size-medium\" src=\"https:\/\/www.jugendarbeit-kerzers.ch\/wp-content\/uploads\/2021\/10\/erzahlnacht-209x300.jpg\" alt=\"\" width=\"209\" height=\"300\" srcset=\"https:\/\/www.jugendarbeit-kerzers.ch\/wp-content\/uploads\/2021\/10\/erzahlnacht-209x300.jpg 209w, https:\/\/www.jugendarbeit-kerzers.ch\/wp-content\/uploads\/2021\/10\/erzahlnacht.jpg 697w\" sizes=\"auto, (max-width: 209px) 100vw, 209px\" \/><\/a><\/p>\n<h3><span style=\"color: #008000;\"><strong>Mit FriTime Theaterluft schnuppern?<\/strong><\/span><\/h3>\n<h4><span style=\"color: #008000;\"><strong>Am Montag 25. Okt. im Gerbestock in Kerzers.<\/strong><\/span><\/h4>\n<h4 class=\"p1\"><span style=\"color: #008000;\"><strong>Schnupperproben am Montag<span class=\"Apple-converted-space\">:<\/span><\/strong><\/span><\/h4>\n<h4 class=\"p1\"><span style=\"color: #008000;\"><strong>Zeit: U12 (8-12-j\u00e4hrige) 16.00 &#8211; 18.30 Uhr <\/strong><\/span><\/h4>\n<h4 class=\"p1\"><span style=\"color: #008000;\"><strong><span class=\"Apple-converted-space\">\u00a0 \u00a0 \u00a0 <\/span>+ \u00dc13 (13-25-j\u00e4hrige) 18.30 &#8211; 21.00 Uhr<\/strong><\/span><\/h4>\n<p class=\"p1\"><span style=\"color: #008000;\"><strong>Seit M\u00e4rz 2020 gibt es in Kerzers NEU den Verein \u201cJunges Theater Kerzers\u201d! Im Rahmen des Vereins starten wir ab August 2021 zwei Kinder- und Jugendtheaterprojekte! Es gibt zwei Theatergruppen. <\/strong><\/span><\/p>\n<p><span style=\"color: #008000;\"><strong>Eine Gruppe f\u00fcr 8-12-j\u00e4hrige und eine Gruppe f\u00fcr 13-25-j\u00e4hrige Kinder, Jugendliche und junge Erwachsene. Wir improvisieren und erfinden unser Theaterst\u00fcck selbst. Wir spielen, singen, bewegen und tanzen und setzen uns so schlussendlich selbst unser Theaterst\u00fcck zusammen. Alles andere ist noch offen und DEINE Ideen sind gefragt!<\/strong><\/span><\/p>\n<p><span style=\"color: #008000;\"><strong>Anmeldung und Kontakt f\u00fcr Fragen: <\/strong><\/span><\/p>\n<p><span style=\"color: #008000;\"><strong>Andrea Umiker, 079 790 73 03 oder andrea.umiker(\u00e4t)hotmail.ch<\/strong><\/span><\/p>\n<p><span style=\"color: #008000;\">+<\/span><\/p>\n<h3><span style=\"color: #008000;\"><strong>WALDSTERBEN IM M\u00d6RDERWALD &#8211; DER ESCAPE ROOM ZUM ZWEITEN<\/strong><\/span><\/h3>\n<h4><span style=\"color: #008000;\"><strong>AM DONNERSTAG 7. UND FREITAG 8. OKT.\u00a0 IM MEET POINT.<\/strong><\/span><\/h4>\n<p><span style=\"color: #008000;\">+<\/span><\/p>\n<h3><span style=\"color: #008000;\"><strong>Gratis Schnupper &#8211; Tanzkurs<\/strong><\/span><\/h3>\n<h4><span style=\"color: #008000;\">Am Samstag 2. Oktober, ab 6 Jahren 14:00 bis 16:00 Uhr in der Seelandhalle UG, Kerzers. Info und Anmeldung: 079 422 73 29 Annerose Gander, dipl. Volkstanzleiterin.\u00a0<\/span><\/h4>\n<p><span style=\"color: #339966;\">+<\/span><\/p>\n<h3><strong><span style=\"color: #008000;\">WALDSTERBEN IM M\u00d6RDERWALD &#8211; <\/span><span style=\"color: #008000;\">DER ESCAPE ROOM<\/span><\/strong><\/h3>\n<h4><strong><span style=\"color: #008000;\">AM FREITAG 20. AUG. IM MEET POINT<\/span><\/strong><br \/><strong><span style=\"color: #008000;\">von 16:00 bis 22:30 UHR<\/span><\/strong><\/h4>\n<p>+<\/p>\n<h2><strong><span style=\"color: #008000;\">Spiele ausprobieren in der Badi Kerzers<\/span><\/strong><\/h2>\n<h4><strong><span style=\"color: #008000;\">Montag bis Freitag 19. bis 23. Juli 13:00 bis 18:00 Uhr<\/span><\/strong><\/h4>\n<p>+<\/p>\n<h2><strong><span style=\"color: #008000;\">Maimarkt Kerzers<\/span><\/strong><\/h2>\n<h4><span style=\"color: #008000;\">Dienstag 25. Mai &#8211; Spielen und FriTime Umfrage f\u00fcr Kinder und Jugendliche<\/span><\/h4>\n<p>+<\/p>\n<h2><strong><span style=\"color: #800080;\">FriTime Kerzers<\/span><\/strong><\/h2>\n<h4><span style=\"color: #800080;\">Das Projekt FriTime ist aus der Zusammenarbeit zwischen dem Jugendamt (JA), dem Amt f\u00fcr Gesundheit (GesA) und dem Amt f\u00fcr Sport (SpA) hervorgegangen. Mit diesem Projekt bietet der Kanton Freiburg allen Gemeinden die M\u00f6glichkeit, auf kosteng\u00fcnstige Weise den Kindern und Jugendlichen ausserschulische Aktivit\u00e4ten vorzuschlagen, indem sie das \u00f6rtliche Vereinsnetz eng einbeziehen und die Freiwilligenarbeit zugunsten der Jugend nutzen.<\/span><\/h4>\n<\/div>\n<h4><span style=\"color: #800080;\"><strong>F\u00fcr FriTime Kerzers ist die offene Kinder- und Jugendarbeit Regio Kerzers mit der Koordination der Aktivit\u00e4ten betraut. Sie hat mit dem Projekt folgende Ziele:<\/strong><\/span><\/h4>\n<ul>\n<li>\n<h4><span style=\"color: #800080;\"><strong>In Zusammenarbeit mit Vereinen, Institutionen und Privatpersonen: Anbieten von mindestens 12 Gratis-Freizeitaktivit\u00e4ten pro Jahr f\u00fcr Kinder und Jugendliche, im sportlichen, k\u00fcnstlerischen oder kulturellen Bereich<\/strong><\/span><\/h4>\n<\/li>\n<li>\n<h4><span style=\"color: #800080;\"><strong>F\u00f6rderung des Bekanntheitsgrads und der Sichtbarkeit von Vereinen und Institutionen, welche Freizeitangebote und Trainings f\u00fcr Kinder und Jugendliche anbieten<\/strong><\/span><\/h4>\n<\/li>\n<li>\n<h4><span style=\"color: #800080;\"><strong>Vernetzung unter den Akteuren aktiver Freizeitgestaltung, wie Jugendarbeit, Vereine, Kirchen usw.<\/strong><\/span><\/h4>\n<\/li>\n<li>\n<h4><span style=\"color: #800080;\"><strong>Organisation des FriTime Kerzers-Festivals, bei dem Anbieter von Freizeitaktivit\u00e4ten und Interessierte an einem Tag auf attraktive Weise vernetzt werden<\/strong><\/span><\/h4>\n<\/li>\n<\/ul>\n<h4><span style=\"color: #800080;\">M\u00f6chten Sie als Privatperson oder als Verein eine der 12 j\u00e4hrlichen Aktivit\u00e4ten im Rahmen von FriTime Kerzers durchzuf\u00fchren? Wollen Sie sonst in irgendeiner Form aktiv an FriTime Kerzers mitwirken?<\/span><\/h4>\n<h4><span style=\"color: #800080;\"><strong>Dann melden Sie sich bitte unter jugendarbeit(\u00e4t)kerzers.ch oder bei<\/strong><\/span><\/h4>\n<h4><span style=\"color: #800080;\">Cosima Oesch und Michel Meerstetter<\/span><\/h4>\n<h4><span style=\"color: #800080;\">Jugendarbeit Regio Kerzers<\/span><\/h4>\n<h4><span style=\"color: #800080;\">Vordere Gasse 5, 3210 Kerzers<\/span><\/h4>\n<h4><span style=\"color: #800080;\">Tel. 031 544 20 08<\/span><\/h4>\n<h4><span style=\"color: #800080;\">Kerzers hat ein reiches Vereinsleben und Freizeitangebot. Die Links dazu finden sich auf <\/span><a href=\"https:\/\/www.kerzers.ch\/leben-kerzers\/vereine\" target=\"_blank\" rel=\"noopener noreferrer\"><span style=\"color: #800080;\">www.kerzers.ch<\/span><\/a><\/h4>\n<p>\u00a0<\/p>\n<h3><span style=\"color: #800080;\">Vergangene Anl\u00e4sse 2020:<\/span><\/h3>\n<h4><span style=\"color: #800080;\">Schnuppertanzen der Kinder- und Jugendtanzgruppe Kerzers:<\/span><\/h4>\n<h4><span style=\"color: #800080;\">24.09.2020 17.30-19.00 Seelandhalle Kerzers<\/span><\/h4>\n<p>+<\/p>\n<p><a href=\"https:\/\/www.jugendarbeit-kerzers.ch\/?attachment_id=2595#main\" rel=\"attachment wp-att-2595\"><img loading=\"lazy\" decoding=\"async\" class=\"alignnone size-medium wp-image-2595\" src=\"https:\/\/www.jugendarbeit-kerzers.ch\/wp-content\/uploads\/2020\/09\/fritimeflyer-2020-216x300.jpg\" alt=\"\" width=\"216\" height=\"300\" srcset=\"https:\/\/www.jugendarbeit-kerzers.ch\/wp-content\/uploads\/2020\/09\/fritimeflyer-2020-216x300.jpg 216w, https:\/\/www.jugendarbeit-kerzers.ch\/wp-content\/uploads\/2020\/09\/fritimeflyer-2020.jpg 721w\" sizes=\"auto, (max-width: 216px) 100vw, 216px\" \/><\/a><\/p>\n<h4><span style=\"color: #800080;\">2. FriTime Festival 17. und 18. Sept. 2020<\/span><\/h4>\n<h4><span style=\"color: #800080;\">Infost\u00e4nde und Unterhaltungsprogramm, z.B. Gumpimatte, Konzerteinlagen, etc. <br \/>Wo: <\/span><span style=\"color: #800080;\">Seelandhalle Kerzers <br \/>Wann: Do. 17.+ Fr. 18. Sept. von 18.00 Uhr bis 21.00 Uhr<\/span><\/h4>\n<h4><span style=\"color: #800080;\">Programm Donnerstag 18:00 bis 21:00 Uhr:<\/span><\/h4>\n<h4><span style=\"color: #800080;\">18:30 bis 19:00: Kinder-und Jugendtanzgruppe Kerzers<\/span><br \/><span style=\"color: #800080;\">19:00 bis 19:30: Konzert Musikgesellschaft Kerzers<\/span><\/h4>\n<h4><span style=\"color: #800080;\">Programm Freitag 18:00 bis 21:00 Uhr:<\/span><\/h4>\n<h4><span style=\"color: #800080;\">18:30 bis 19:00: Kinder-und Jugendtanzgruppe Kerzers<\/span><br \/><span style=\"color: #800080;\">19:30 bis 20:00: Studio Musicale Konzert mit: <\/span><br \/><span style=\"color: #800080;\">Pianistin Elsa Krasniqi (14. Jahre)<\/span><br \/><span style=\"color: #800080;\">+ Duo Anna Schelker (16. Jahre) und <\/span><br \/><span style=\"color: #800080;\">Jonah Franz (17. Jahre) Pop\/Rock Covers<\/span><\/h4>\n<h4><span style=\"color: #800080;\">Schnupperlektionen von Freizeitangeboten in und um Kerzers f\u00fcr Schulkinder und Jugendliche<\/span><\/h4>\n<h4><span style=\"color: #800080;\">Austragungsort der Schnupperlektionen: Seelandhalle , Turnhallen Schmitteng\u00e4ssli und die Clublokale der Vereine<\/span><\/h4>\n<h4><span style=\"color: #800080;\">Mit den Vereinen<\/span><span style=\"color: #800080;\">: <a style=\"color: #800080;\" href=\"https:\/\/www.bc-kerzers.ch\/\" target=\"_blank\" rel=\"noopener noreferrer\">Billardclub Kerzers<\/a>, Junges Theater Kerzers, <a style=\"color: #800080;\" href=\"https:\/\/www.tgkerzers.ch\/index.php\/kinder-und-jugendtanzgruppe\" target=\"_blank\" rel=\"noopener noreferrer\">Kinder- und Jugendtanzgruppe Kerzers<\/a>, <a style=\"color: #800080;\" href=\"https:\/\/www.instagram.com\/midnight_ker\/\" target=\"_blank\" rel=\"noopener noreferrer\">Midnight Sports Kerzers<\/a>, <a style=\"color: #800080;\" href=\"https:\/\/www.mgkerzers.ch\/junioren\/\" target=\"_blank\" rel=\"noopener noreferrer\">Musikgesellschaft Kerzers<\/a>, <a style=\"color: #800080;\" href=\"http:\/\/pfadimurten.ch\/\" target=\"_blank\" rel=\"noopener noreferrer\">Pfadi Andromeda Murten<\/a>, <a style=\"color: #800080;\" href=\"https:\/\/www.vbckerzers.ch\/\" target=\"_blank\" rel=\"noopener noreferrer\">Volleyballclub Kerzers<\/a>, <a style=\"color: #800080;\" href=\"https:\/\/www.bibliothek-kerzers.ch\/\" target=\"_blank\" rel=\"noopener noreferrer\">Bibliothek Kerzers<\/a>, <a style=\"color: #800080;\" href=\"http:\/\/www.ovkerzers.ch\/\" target=\"_blank\" rel=\"noopener noreferrer\">Ornithologischer Verein Kerzers<\/a>, <a style=\"color: #800080;\" href=\"https:\/\/www.ssc-kerzers.ch\/\" target=\"_blank\" rel=\"noopener noreferrer\">Schnee-Sport-Club Kerzers<\/a>, <a style=\"color: #800080;\" href=\"https:\/\/fckerzers.ch\/\" target=\"_blank\" rel=\"noopener noreferrer\">Fussballclub Kerzers<\/a>, <a style=\"color: #800080;\" href=\"https:\/\/www.studiomusicale.ch\/\" target=\"_blank\" rel=\"noopener noreferrer\">Studio Musicale Kerzers<\/a>, <a style=\"color: #800080;\" href=\"https:\/\/www.tckerzers.ch\/junioren.html\" target=\"_blank\" rel=\"noopener noreferrer\">Tennisclub Kerzers<\/a>, <a style=\"color: #800080;\" href=\"https:\/\/cevi-kerzers.ch\/\" target=\"_blank\" rel=\"noopener noreferrer\">Cevi Jungschar Kerzers<\/a>, <a style=\"color: #800080;\" href=\"https:\/\/www.kids-sport.ch\/kerzers\/\" target=\"_blank\" rel=\"noopener noreferrer\">Kids Sport Kerzers<\/a>, <a style=\"color: #800080;\" href=\"https:\/\/jc-kerzers.ch\/\" target=\"_blank\" rel=\"noopener noreferrer\">Judoclub Kerzers<\/a><\/span><\/h4>\n<h4><span style=\"color: #800080;\">Ziel: Kinder, Jugendliche &amp; Familien lernen die Vielfalt des Angebots an Freizeitm\u00f6glichkeiten von Vereinen und weiteren Anbietern der Region Kerzers noch besser kennen. Es soll f\u00fcr Kinder und Jugendliche m\u00f6glich sein, niederschwellig Neues auszuprobieren und in direkten Kontakt mit den Verantwortlichen zu treten. F\u00fcr die Vereine und die weiteren Anbieter besteht die M\u00f6glichkeit, dank Mitmachen an dieser koordinierten Werbeaktion neuen Nachwuchs f\u00fcr ihr Angebot zu begeistern.<\/span><\/h4>\n<h3><span style=\"color: #800080;\">DISCO ON ICE:<\/span><\/h3>\n<p>Am Freitag 24. Jan. 2020 19:15 &#8211; 21:30 Eisbahn in Kerzers.<\/p>\n<p><a href=\"https:\/\/www.jugendarbeit-kerzers.ch\/?attachment_id=2247#main\" rel=\"attachment wp-att-2247\"><img loading=\"lazy\" decoding=\"async\" class=\"alignnone wp-image-2247 size-full\" src=\"https:\/\/www.jugendarbeit-kerzers.ch\/wp-content\/uploads\/2020\/01\/discoonice2020.jpg\" alt=\"\" width=\"1000\" height=\"649\" srcset=\"https:\/\/www.jugendarbeit-kerzers.ch\/wp-content\/uploads\/2020\/01\/discoonice2020.jpg 1000w, https:\/\/www.jugendarbeit-kerzers.ch\/wp-content\/uploads\/2020\/01\/discoonice2020-300x195.jpg 300w, https:\/\/www.jugendarbeit-kerzers.ch\/wp-content\/uploads\/2020\/01\/discoonice2020-768x498.jpg 768w\" sizes=\"auto, (max-width: 1000px) 100vw, 1000px\" \/><\/a><\/p>\n<p><a href=\"https:\/\/www.jugendarbeit-kerzers.ch\/?attachment_id=1296#main\" rel=\"attachment wp-att-1296\"><img loading=\"lazy\" decoding=\"async\" class=\"alignnone wp-image-1296 size-full\" src=\"https:\/\/www.jugendarbeit-kerzers.ch\/wp-content\/uploads\/2018\/02\/Logo_fri.time_.jpg\" alt=\"\" width=\"1000\" height=\"149\" srcset=\"https:\/\/www.jugendarbeit-kerzers.ch\/wp-content\/uploads\/2018\/02\/Logo_fri.time_.jpg 1000w, https:\/\/www.jugendarbeit-kerzers.ch\/wp-content\/uploads\/2018\/02\/Logo_fri.time_-300x45.jpg 300w, https:\/\/www.jugendarbeit-kerzers.ch\/wp-content\/uploads\/2018\/02\/Logo_fri.time_-768x114.jpg 768w\" sizes=\"auto, (max-width: 1000px) 100vw, 1000px\" \/><\/a><\/p>\n\n\n<p><a href=\"https:\/\/www.ideesport.ch\/projekt\/midnight-kerzers\/\">https:\/\/www.ideesport.ch\/projekt\/midnight-kerzers\/<\/a><\/p>\n\n\n\n<p><\/p>\n\n\n\n<p><\/p>\n","protected":false},"excerpt":{"rendered":"<p>FriTime Kerzers Programm 2023 (Jan. bis Dez.): \u00a0+ Vergangene Veranstaltungen \u00a0 \u00a0 \u00a0 Monat Datum Haupt-Organisation Kooperation Aktivit\u00e4t Januar 15.1. Midnight Kerzers (finanziert durch die Gemeinde Kerzers) Jugendarbeit Regio Kerzers<\/p>\n<p><a href=\"https:\/\/www.jugendarbeit-kerzers.ch\/?page_id=1238\" class=\"more-link themebutton\">Read More<\/a><\/p>\n","protected":false},"author":1,"featured_media":0,"parent":0,"menu_order":0,"comment_status":"closed","ping_status":"closed","template":"","meta":{"footnotes":""},"class_list":["post-1238","page","type-page","status-publish","hentry"],"_links":{"self":[{"href":"https:\/\/www.jugendarbeit-kerzers.ch\/index.php?rest_route=\/wp\/v2\/pages\/1238","targetHints":{"allow":["GET"]}}],"collection":[{"href":"https:\/\/www.jugendarbeit-kerzers.ch\/index.php?rest_route=\/wp\/v2\/pages"}],"about":[{"href":"https:\/\/www.jugendarbeit-kerzers.ch\/index.php?rest_route=\/wp\/v2\/types\/page"}],"author":[{"embeddable":true,"href":"https:\/\/www.jugendarbeit-kerzers.ch\/index.php?rest_route=\/wp\/v2\/users\/1"}],"replies":[{"embeddable":true,"href":"https:\/\/www.jugendarbeit-kerzers.ch\/index.php?rest_route=%2Fwp%2Fv2%2Fcomments&post=1238"}],"version-history":[{"count":176,"href":"https:\/\/www.jugendarbeit-kerzers.ch\/index.php?rest_route=\/wp\/v2\/pages\/1238\/revisions"}],"predecessor-version":[{"id":3860,"href":"https:\/\/www.jugendarbeit-kerzers.ch\/index.php?rest_route=\/wp\/v2\/pages\/1238\/revisions\/3860"}],"wp:attachment":[{"href":"https:\/\/www.jugendarbeit-kerzers.ch\/index.php?rest_route=%2Fwp%2Fv2%2Fmedia&parent=1238"}],"curies":[{"name":"wp","href":"https:\/\/api.w.org\/{rel}","templated":true}]}}